{"id":5186,"date":"2023-08-21T14:43:22","date_gmt":"2023-08-21T12:43:22","guid":{"rendered":"https:\/\/germanys.saarland\/protection-des-donnees\/"},"modified":"2026-04-01T15:46:37","modified_gmt":"2026-04-01T13:46:37","slug":"protection-des-donnees","status":"publish","type":"page","link":"https:\/\/germanys.saarland\/fr\/protection-des-donnees\/","title":{"rendered":"D\u00e9claration de confidentialit\u00e9"},"content":{"rendered":"\t\t<div data-elementor-type=\"wp-page\" data-elementor-id=\"5186\" class=\"elementor elementor-5186 elementor-2961\" data-elementor-post-type=\"page\">\n\t\t\t\t<div class=\"elementor-element elementor-element-0a831b5 e-flex e-con-boxed e-con e-parent\" data-id=\"0a831b5\" data-element_type=\"container\" data-e-type=\"container\">\n\t\t\t\t\t<div class=\"e-con-inner\">\n\t\t\t\t<div class=\"elementor-element elementor-element-9a8e874 elementor-widget elementor-widget-heading\" data-id=\"9a8e874\" data-element_type=\"widget\" data-e-type=\"widget\" data-widget_type=\"heading.default\">\n\t\t\t\t<div class=\"elementor-widget-container\">\n\t\t\t\t\t<h1 class=\"elementor-heading-title elementor-size-default\">D\u00e9claration de confidentialit\u00e9<\/h1>\t\t\t\t<\/div>\n\t\t\t\t<\/div>\n\t\t\t\t<div class=\"elementor-element elementor-element-9240324 elementor-widget elementor-widget-text-editor\" data-id=\"9240324\" data-element_type=\"widget\" data-e-type=\"widget\" data-widget_type=\"text-editor.default\">\n\t\t\t\t<div class=\"elementor-widget-container\">\n\t\t\t\t\t\t\t\t\t<p>Nous nous r\u00e9jouissons de votre visite sur notre site web https:\/\/germanys.saarland\/ et vous remercions que l\u2019int\u00e9r\u00eat que vous y portez. Dans le but de vous offrir la plus grande transparence possible, nous vous informons ci-dessous de la nature, de l\u2019ampleur et du but de la collecte, du traitement et de l\u2019utilisation de donn\u00e9es \u00e0 caract\u00e8re personnel qui sont g\u00e9n\u00e9r\u00e9es dans le cadre de l\u2019utilisation de notre site web. Vous pouvez t\u00e9l\u00e9charger le r\u00e8glement sur la protection des donn\u00e9es (ci-apr\u00e8s \u00ab RGPD \u00bb) <a href=\"https:\/\/eur-lex.europa.eu\/legal-content\/DE\/TXT\/PDF\/?uri=CELEX:32016R0679\">ici<\/a> sous forme de document complet.  <\/p>\t\t\t\t\t\t\t\t<\/div>\n\t\t\t\t<\/div>\n\t\t\t\t<div class=\"elementor-element elementor-element-757b253 uael-heading-align-left elementor-widget elementor-widget-uael-table-of-contents\" data-id=\"757b253\" data-element_type=\"widget\" data-e-type=\"widget\" data-settings=\"{&quot;scroll_offset&quot;:{&quot;unit&quot;:&quot;px&quot;,&quot;size&quot;:&quot;&quot;,&quot;sizes&quot;:[]},&quot;scroll_offset_tablet&quot;:{&quot;unit&quot;:&quot;px&quot;,&quot;size&quot;:&quot;&quot;,&quot;sizes&quot;:[]},&quot;scroll_offset_mobile&quot;:{&quot;unit&quot;:&quot;px&quot;,&quot;size&quot;:&quot;&quot;,&quot;sizes&quot;:[]},&quot;heading_text_align&quot;:&quot;left&quot;,&quot;heading_bottom_space&quot;:{&quot;unit&quot;:&quot;px&quot;,&quot;size&quot;:&quot;&quot;,&quot;sizes&quot;:[]},&quot;heading_bottom_space_tablet&quot;:{&quot;unit&quot;:&quot;px&quot;,&quot;size&quot;:&quot;&quot;,&quot;sizes&quot;:[]},&quot;heading_bottom_space_mobile&quot;:{&quot;unit&quot;:&quot;px&quot;,&quot;size&quot;:&quot;&quot;,&quot;sizes&quot;:[]},&quot;separator_bottom_space&quot;:{&quot;unit&quot;:&quot;px&quot;,&quot;size&quot;:&quot;&quot;,&quot;sizes&quot;:[]},&quot;separator_bottom_space_tablet&quot;:{&quot;unit&quot;:&quot;px&quot;,&quot;size&quot;:&quot;&quot;,&quot;sizes&quot;:[]},&quot;separator_bottom_space_mobile&quot;:{&quot;unit&quot;:&quot;px&quot;,&quot;size&quot;:&quot;&quot;,&quot;sizes&quot;:[]},&quot;content_between_space&quot;:{&quot;unit&quot;:&quot;px&quot;,&quot;size&quot;:15,&quot;sizes&quot;:[]},&quot;content_between_space_tablet&quot;:{&quot;unit&quot;:&quot;px&quot;,&quot;size&quot;:&quot;&quot;,&quot;sizes&quot;:[]},&quot;content_between_space_mobile&quot;:{&quot;unit&quot;:&quot;px&quot;,&quot;size&quot;:&quot;&quot;,&quot;sizes&quot;:[]}}\" data-widget_type=\"uael-table-of-contents.default\">\n\t\t\t\t<div class=\"elementor-widget-container\">\n\t\t\t\t\t\t\t<div class=\"uael-toc-main-wrapper\" data-headings=\"h2,h3\" >\n\t\t\t<div class=\"uael-toc-wrapper\">\n\t\t\t\t<div class=\"uael-toc-header\">\n\t\t\t\t\t<span class=\"uael-toc-heading elementor-inline-editing\" data-elementor-setting-key=\"heading_title\" data-elementor-inline-editing-toolbar=\"basic\" >Sommaire<\/span>\n\t\t\t\t\t\t\t\t\t<\/div>\n\t\t\t\t\t\t\t\t<div class=\"uael-toc-toggle-content\">\n\t\t\t\t\t<div class=\"uael-toc-content-wrapper\">\n\t\t\t\t\t\t\n\t\t\t\t\t\t\t<ul data-toc-headings=\"headings\" class=\"uael-toc-list uael-toc-list-disc\" data-scroll=\"500\" ><\/ul>\n\t\t\t\t\t\t\t\t\t\t\t<\/div>\n\t\t\t\t<\/div>\n\t\t\t\t<div class=\"uael-toc-empty-note\">\n\t\t\t\t\t<span>Add a header to begin generating the table of contents<\/span>\n\t\t\t\t<\/div>\n\t\t\t<\/div>\n\t\t\t\t\t<\/div>\n\t\t\t\t\t\t<\/div>\n\t\t\t\t<\/div>\n\t\t\t\t<div class=\"elementor-element elementor-element-a5d4ba6 elementor-widget elementor-widget-text-editor\" data-id=\"a5d4ba6\" data-element_type=\"widget\" data-e-type=\"widget\" data-widget_type=\"text-editor.default\">\n\t\t\t\t<div class=\"elementor-widget-container\">\n\t\t\t\t\t\t\t\t\t<h2>1. D\u00e9finitions<\/h2><p>Les termes ci-dessous que nous utilisons dans notre d\u00e9claration de confidentialit\u00e9 sont d\u00e9finis dans l\u2019article 4 RGPD. Il s\u2019agit ici uniquement d\u2019un extrait de l\u2019article 4 RGPD. Vous pouvez t\u00e9l\u00e9charger toutes les d\u00e9finitions figurant dans le RGPD (<a href=\"https:\/\/eur-lex.europa.eu\/legal-content\/DE\/TXT\/PDF\/?uri=CELEX:32016R0679\">ici<\/a> ) et les consulter.  <\/p><ul><li><strong>Donn\u00e9es \u00e0 caract\u00e8re personnel (Art. 4, n\u00b0 1 RGPD)<\/strong><br>On entend par donn\u00e9es \u00e0 caract\u00e8re personnel toute information se rapportant \u00e0 une personne identifi\u00e9e ou identifiable (ci-apr\u00e8s d\u00e9nomm\u00e9e \u00ab personne concern\u00e9e \u00bb ; est r\u00e9put\u00e9e \u00eatre une personne physique identifiable une personne physique qui peut \u00eatre identifi\u00e9e, directement ou indirectement, notamment par r\u00e9f\u00e9rence \u00e0 un identifiant, tel qu\u2019un nom, un num\u00e9ro d\u2019identification, des donn\u00e9es de localisation, un identifiant en ligne, ou \u00e0 un ou plusieurs \u00e9l\u00e9ments sp\u00e9cifiques propres \u00e0 son identit\u00e9 physique, physiologique, g\u00e9n\u00e9tique, psychique, \u00e9conomique, culturelle ou sociale.<\/li><li><strong>Traitement (article 4 n\u00b0 2 RGPD)<\/strong><br>On entend par traitement toute op\u00e9ration ou tout ensemble d\u2019op\u00e9rations effectu\u00e9es ou non \u00e0 l\u2019aide de proc\u00e9d\u00e9s automatis\u00e9s et appliqu\u00e9es \u00e0 des donn\u00e9es ou des ensembles de donn\u00e9es \u00e0 caract\u00e8re personnel, telles que la collecte, l\u2019enregistrement, l\u2019organisation, la structuration, la conservation, l\u2019adaptation ou la modification, l\u2019extraction, la consultation, l\u2019utilisation, la communication par transmission, la diffusion ou toute autre forme de mise \u00e0 disposition, le rapprochement ou l\u2019interconnexion, la limitation, l\u2019effacement ou la destruction.<\/li><li><strong>Pseudonymisation (article 4 n\u00b0 5 RGPD)<\/strong><br>La pseudonymisation est le traitement de donn\u00e9es \u00e0 caract\u00e8re personnel de telle fa\u00e7on que celles-ci ne puissent plus \u00eatre attribu\u00e9es \u00e0 une personne concern\u00e9e pr\u00e9cise sans avoir recours \u00e0 des informations suppl\u00e9mentaires, pour autant que ces informations suppl\u00e9mentaires soient conserv\u00e9es s\u00e9par\u00e9ment et soumises \u00e0 des mesures techniques et organisationnelles afin de garantir que les donn\u00e9es \u00e0 caract\u00e8re personnel ne sont pas attribu\u00e9es \u00e0 une personne physiquee identifi\u00e9e ou identifiable.<\/li><li><strong>Responsable du traitement (article 4 n\u00b0 7 RGPD)<\/strong><br>Le responsable est la personne physique ou morale, l\u2019autorit\u00e9 publique, le service ou un autre organisme qui, seul ou conjointement avec d\u2019autres, d\u00e9termine les finalit\u00e9s et les moyens du traitement de donn\u00e9es \u00e0 caract\u00e8re personnel ; lorsque les finalit\u00e9s et les moyens de ce traitement sont d\u00e9termin\u00e9s par le droit de l\u2019Union ou le droit d\u2019un \u00c9tat membre, le responsable peut \u00eatre d\u00e9sign\u00e9 ou les crit\u00e8res sp\u00e9cifiques applicables \u00e0 sa d\u00e9signation peuvent \u00eatre pr\u00e9vus par le droit de l\u2019Union ou par le droit d\u2019un \u00c9tat membre.<\/li><li><strong>Sous-traitant (article 4 n\u00b0 8 RGPD)<\/strong><br>Le sous-traitant est la personne physique ou morale, l\u2019autorit\u00e9 publique, le service ou un autre organisme qui traite des donn\u00e9es \u00e0 caract\u00e8re personnel pour le compte du responsable.<\/li><li><strong>Tiers (article 4 n\u00b0 10 RGPD)<\/strong><br>Le tiers est une personne physique ou morale, une autorit\u00e9 publique, un service ou un organisme autre que la personne concern\u00e9e, le responsable, le sous-traitant et les personnes qui, plac\u00e9es sous l\u2019autorit\u00e9 directe du responsable du traitement ou du sous-traitant, sont autoris\u00e9es \u00e0 traiter les donn\u00e9es \u00e0 caract\u00e8re personnel.<\/li><li><strong>Consentement (article 4 n\u00b0 11 RGPD)<\/strong><br>Le consentement est toute manifestation de volont\u00e9, libre, sp\u00e9cifique, \u00e9clair\u00e9e et univoque par laquelle la personne concern\u00e9e accepte, par une d\u00e9claration ou par un acte positif clair, que des donn\u00e9es \u00e0 caract\u00e8re personnel la concernant fassent l\u2019objet d\u2019un traitement.<\/li><li><strong>Entreprise (article 4n\u00b0 18 RGPD)<\/strong><br>On entend par entreprise une personne physique ou morale exer\u00e7ant une activit\u00e9 \u00e9conomique, quelle que soit sa forme juridique, y compris les soci\u00e9t\u00e9s de personnes ou les associations qui exercent r\u00e9guli\u00e8rement une activit\u00e9 \u00e9conomique (article 4 n\u00b0 18 RGPD).<\/li><\/ul><h2>2. Responsable du traitement selon l\u2019article 4 n\u00b0 7 RGPD<\/h2><p>SHS Strukturholding Saar GmbH<br>Balthasar-Goldstein-Stra\u00dfe 31<br>66131 Saarbr\u00fccken<br>T\u00e9l.: +49 6893 \/ 9899 600<br>Adresse \u00e9lectronique : info@strukturholding.de<\/p><p>Vous pouvez t\u00e9l\u00e9charger nos mentions l\u00e9gales, dans leur int\u00e9gralit\u00e9, \u00e0 partir du lien : https:\/\/germanys.saarland\/impressum\/<\/p><h2>3. D\u00e9l\u00e9gu\u00e9 \u00e0 la protection des donn\u00e9es<\/h2><p>LEG Service GmbH<br>Balthasar-Goldstein-Stra\u00dfe 31<br>66131 Saarbr\u00fccken<br>T\u00e9l. : 06893-9899-600<br>Adresse \u00e9lectronique : datenschutz@strukturholding.de<br>oder postalisch (SHS Strukturholding Saar GmbH, Balthasar-Goldstein-Stra\u00dfe 20, 66131 Saarbr\u00fccken) mit dem Zusatz \u201ez.Hd. Datenschutzbeauftragter\u201c.<\/p><h2>4. Bases juridiques du traitement<\/h2><p>Lors de chaque traitement d\u00e9crit dans notre d\u00e9claration de confidentialit\u00e9, nous vous indiquons la base juridique sur laquelle repose le traitement effectu\u00e9. On distingue diff\u00e9rents cas dans lesquels un traitement est licite : <\/p><ul><li>Vous avez consenti au traitement des donn\u00e9es \u00e0 caract\u00e8re personnel vous concernant pour une ou plusieurs finalit\u00e9s sp\u00e9cifiques (article 6 paragraphe 1 phrase 1 point a RGPD).<\/li><li>Vous avez conclu avec nous un contrat pour lequel le traitement est n\u00e9cessaire \u00e0 son ex\u00e9cution ou \u00e0 l\u2019ex\u00e9cution de mesures pr\u00e9contractuelles prises \u00e0 votre demande (article 6 paragraphe 1 phrase 1 point b RGPD).<\/li><li>Le traitement est n\u00e9cessaire au respect d\u2019une obligation l\u00e9gale \u00e0 laquelle nous sommes soumis (article 6 paragraphe 1 phrase 1 point c RGPD).<\/li><li>Le traitement est n\u00e9cessaire \u00e0 la sauvegarde de vos int\u00e9r\u00eats vitaux ou d\u2019une autre personne physique (article 6 paragraphe 1 phrase 1 point d RGPD).<\/li><li>Le traitement est n\u00e9cessaire \u00e0 l\u2019ex\u00e9cution d\u2019une mission d\u2019int\u00e9r\u00eat public qui nous est confi\u00e9e ou \u00e0 l\u2019exercice de l\u2019autorit\u00e9 publique (article 6 paragraphe 1 phrase 1 point e RGPD).<\/li><li>Le traitement est n\u00e9cessaire aux fins de sauvegarde des int\u00e9r\u00eats l\u00e9gitimes poursuivis par notre entreprise ou par un tiers, \u00e0 moins que ne pr\u00e9valent vos int\u00e9r\u00eats ou vos libert\u00e9s et droits fondamentaux qui exigent une protection des donn\u00e9es \u00e0 caract\u00e8re personnel (article 6 paragraphe 1 phrase 1 point f RGPD).<\/li><\/ul><h2>5. Conservation des donn\u00e9es \/ effacement des donn\u00e9es<\/h2><p>Dans le cadre des traitements d\u00e9crits dans notre d\u00e9claration de confidentialit\u00e9, nous vous communiquons la dur\u00e9e de conservation ou les dates d\u2019effacement ou de blocage des donn\u00e9es. S\u2019il n\u2019est pas d\u00e9fini express\u00e9ment de dur\u00e9e de conservation, les donn\u00e9es sont effac\u00e9es ou bloqu\u00e9es d\u00e8s que le but ou la base juridique de la conservation n\u2019existe plus. <\/p><p>Les donn\u00e9es peuvent \u00eatre conserv\u00e9es au-del\u00e0 des p\u00e9riodes d\u00e9finies si des dispositions r\u00e9glementaires auxquelles nous sommes soumis (p. ex. article 147 du code des imp\u00f4ts (AO), article 257 du code de commerce allemand (HGB)) pr\u00e9voient une autre dur\u00e9e de conservation.<\/p><p>Suite \u00e0 la dur\u00e9e de conservation, les donn\u00e9es \u00e0 caract\u00e8re personnel sont effac\u00e9es ou bloqu\u00e9es \u00e0 moins que nous soyons tenus de les conserver plus longtemps en raison d\u2019une base juridique. Par ailleurs, il est \u00e9galement possible de les conserver au-del\u00e0 de la p\u00e9riode indiqu\u00e9e en cas (d\u2019\u00e9ventuel) litige avec vous ou d\u2019une autre proc\u00e9dure juridique. <\/p><h2>6. Transfert de donn\u00e9es \u00e0 caract\u00e8re personnel<\/h2><p>Si vos donn\u00e9es \u00e0 caract\u00e8re personnel sont transf\u00e9r\u00e9es, vous en \u00eates inform\u00e9 \u00e0 l\u2019endroit respectif de notre d\u00e9claration de confidentialit\u00e9. Si vos donn\u00e9es \u00e0 caract\u00e8re personnel sont transf\u00e9r\u00e9es en dehors de l\u2019Espace \u00c9conomique Europ\u00e9en et, par l\u00e0 m\u00eame, dans des pays tiers, vous en \u00eates inform\u00e9 \u00e0 l\u2019endroit respectif de notre d\u00e9claration de confidentialit\u00e9. En principe, nous ne transf\u00e9rons de donn\u00e9es \u00e0 caract\u00e8re personnel que dans des pays tiers pour lesquels la Commission europ\u00e9enne a confirm\u00e9 que le niveau de protection \u00e9tait ad\u00e9quat ou pour lesquels nous pouvons garantir une gestion soign\u00e9e des donn\u00e9es \u00e0 caract\u00e8re personnel sur la base d\u2019accords contractuels ou d\u2019autres garanties appropri\u00e9es.  <\/p><h2>7. Collecte de donn\u00e9es \u00e0 caract\u00e8re personnel<\/h2><p>Vous trouverez ci-dessous des informations sur la collecte de donn\u00e9es \u00e0 caract\u00e8re personnel (tels que le nom, l\u2019adresse \u00e9lectronique, l\u2019adresse ou le comportement d\u2019utilisateur). La mise \u00e0 disposition des donn\u00e9es n\u2019est prescrite ni par la loi ni par un contrat. Vous n\u2019\u00eates tenu ni par la loi ni sur la base d\u2019un contrat de mettre les donn\u00e9es \u00e0 disposition. Veuillez cependant tenir compte du fait que vous ne pourrez pas utiliser notre site web si les donn\u00e9es figurant au point 7.1. ne sont pas mises \u00e0 disposition. Une d\u00e9cision individuelle automatis\u00e9e, y compris le profilage, conform\u00e9ment \u00e0 l\u2019article 22 paragraphes 1 et 4 RGPD n\u2019a pas lieu sur notre site web.      <\/p><h3>7.1 Utilisation exclusive de notre site web \u00e0 des fins d\u2019information<\/h3><p>Si vous ne vous enregistrez pas sur notre site web (par exemple sous forme d\u2019une newsletter) et si vous ne nous transmettez pas de donn\u00e9es d\u2019une autre mani\u00e8re (par exemple en utilisant un formulaire de contact), seules sont collect\u00e9es les donn\u00e9es \u00e0 caract\u00e8re personnel que votre navigateur transmet \u00e0 notre serveur. Ce sont des donn\u00e9es dont nous avons besoin sur le plan technique pour que nous puissions mettre \u00e0 votre disposition le site web en vous garantissant simultan\u00e9ment un affichage s\u00fbr et stable. Il s\u2019agit des informations ci-dessous qui d\u00e9coulent d\u2019une ligne de fichier journal :  <\/p><ul><li>Adresse du protocole Internet (Adresse IP)<\/li><li>Heure et date de l\u2019acc\u00e8s respectif<\/li><li>D\u00e9calage horaire par rapport \u00e0 l\u2019heure moyenne de Greenwich (Greenwich Mean Time &#8211; GMT)<\/li><li>Page concr\u00e8tement appel\u00e9e<\/li><li>Statut de l\u2019acc\u00e8s \/ Hypertext Transfer Protocol (https)<\/li><li>Quantit\u00e9 de donn\u00e9es respectivement transf\u00e9r\u00e9e<\/li><li>Site web \u00e0 partir duquel a lieu l\u2019acc\u00e8s \u00e0 notre site web (URL r\u00e9f\u00e9rent)<\/li><li>Navigateur Internet utilis\u00e9 (y compris la langue et la version)<\/li><li>Syst\u00e8me d\u2019exploitation utilis\u00e9<\/li><\/ul><p>La base juridique de la collecte des donn\u00e9es list\u00e9es d\u00e9coule de l\u2019article 6 paragraphe 1 phrase 1 point f RGPD. Notre int\u00e9r\u00eat l\u00e9gitime est de garantir une connexion correcte et une utilisation ais\u00e9e de notre site web, d\u2019analyser la stabilit\u00e9 et la s\u00e9curit\u00e9 du syst\u00e8me et d\u2019utiliser les donn\u00e9es \u00e0 d\u2019autres fins administratives.   <\/p><h3>7.2 Prise de contact par e-mail<\/h3><p>En cas de prise de contact via l\u2019adresse \u00e9lectronique indiqu\u00e9e au point 2 ou via d\u2019autres adresses \u00e9lectroniques de notre entreprise, qui sont publi\u00e9es sur notre site web, nous enregistrons votre adresse \u00e9lectronique ainsi que d\u2019autres donn\u00e9es de contact indiqu\u00e9es dans votre message \u00e9lectronique (p. ex. votre nom ou votre num\u00e9ro de t\u00e9l\u00e9phone) pour traiter votre demande. Ces donn\u00e9es sont effac\u00e9es d\u00e8s que leur conservation n\u2019est plus n\u00e9cessaire. S\u2019il existe des d\u00e9lais de conservation l\u00e9gale pour ces donn\u00e9es, l\u2019effacement des donn\u00e9es est remplac\u00e9 par la limitation du traitement. La base juridique du traitement des donn\u00e9es d\u00e9coule, en fonction de la raison pour laquelle a \u00e9t\u00e9 envoy\u00e9 le message \u00e9lectronique, de l\u2019article 6 paragraphe 1 phrase 1 point b RGPD ou de l\u2019article 6 paragraphe 1 phrase 1 point f RGPD, donc soit pour ex\u00e9cuter le contrat conclu avec vous et ex\u00e9cuter nos obligations (pr\u00e9)contractuelles, ou aux fins de notre int\u00e9r\u00eat l\u00e9gitime \u00e0 entrer en contact avec les personnes int\u00e9ress\u00e9es par notre prestation.       <\/p><h2>8. H\u00e9bergement<\/h2><p>Notre site web est h\u00e9berg\u00e9 aupr\u00e8s de l\u2019entreprise one4vision GmbH, Residenz am Schlo\u00dfgarten, Talstra\u00dfe 34 \u2013 42, 66119 Sarrebruck, Mentions l\u00e9gales : www.one4vision.saarland\/impressum.html (d\u00e9nomm\u00e9e ci-apr\u00e8s \u00ab one4vision \u00bb). Lorsque vous appelez notre site web, les donn\u00e9es \u00e0 caract\u00e8re personnel indiqu\u00e9es dans la pr\u00e9sente d\u00e9claration de confidentialit\u00e9 sont transf\u00e9r\u00e9es \u00e0 one4vision \u00e0 des fins d\u2019utilisation purement informative du site web. Pour ce faire, nous avons conclu un contrat de sous-traitance correspondant avec l\u2019entreprise one4vision. Vous trouverez ici les informations sur la protection des donn\u00e9es de one4vision : <a href=\"https:\/\/www.one4vision.saarland\/datenschutzerklaerung.htm\">https:\/\/www.one4vision.saarland\/datenschutzerklaerung.html <\/a>   <\/p><h2>9. T\u00e9moins de connexion (cookies)<\/h2><p>Nous utilisons des cookies sur notre site web. Les cookies sont de petits fichiers texte sp\u00e9cifiques au navigateur, qui sont enregistr\u00e9s sur votre disque dur. De ce fait, le service qui place le cookie respectif, re\u00e7oit certaines informations. Ces informations ne permettent ni d\u2019ex\u00e9cuter des programmes ni de transmettre des virus. Les cookies se d\u00e9clinent en diff\u00e9rentes classes :   <\/p><ul><li>la premi\u00e8re distinction vient de la personne qui a d\u00e9pos\u00e9 le cookie respectif (exploitant du site internet sous forme de cookies de premier niveau ou internes ou encore tiers sous forme de cookies tiers).<\/li><li>Ensuite, ils distinguent par la dur\u00e9e de conservation.<ul><li>Il existe des <strong>cookies transitoires<\/strong> qui sont effac\u00e9s automatiquement lorsque vous fermez le navigateur ; ceci concerne notamment les cookies dits de session qui enregistrent un ID de session. Ces cookies de session permettent de reconna\u00eetre votre ordinateur si vous appelez \u00e0 nouveau notre site web avec le m\u00eame navigateur dans le courant d\u2019une session. Si vous fermez le navigateur ou vous d\u00e9connectez, ces cookies temporaires sont effac\u00e9s.  <\/li><li>Parall\u00e8lement, il existe ce que l\u2019on appelle des<strong> cookies permanents<\/strong> qui sont enregistr\u00e9s pour une p\u00e9riode plus longue (qui peut atteindre deux ans). La p\u00e9riode entre le placement et l\u2019effacement varie cependant selon les cookies. Vous pouvez en tout temps effacer ces cookies manuellement via le param\u00e9trage de votre navigateur.  <\/li><li>Un autre groupe est compos\u00e9 des <strong>cookies Flash<\/strong>. Il s\u2019agit l\u00e0 d\u2019un cookie li\u00e9 \u00e0 un Flash Player, qui enregistre les donn\u00e9es techniques n\u00e9cessaires \u00e0 la reproduction de contenus vid\u00e9o et audio (p. ex. la qualit\u00e9 de l\u2019image ou la vitesse du r\u00e9seau). En r\u00e8gle g\u00e9n\u00e9rale, il n\u2019existe pas de date d\u2019expiration automatique et les cookies m\u00e9morisent les donn\u00e9es requises quel que soit le navigateur utilis\u00e9. Certains navigateurs (Firefox p. ex.) permettent d\u2019effacer les cookies Flash en m\u00eame temps que les autres cookies.  <\/li><\/ul><\/li><li>Enfin, on distingue les cookies selon leur fonction, aspect le plus important du point de vue de la protection des donn\u00e9es.<ul><li><strong>Les cookies techniques (essentiels)<\/strong> sont des cookies n\u00e9cessaires pour ex\u00e9cuter les fonctions fondamentales du site internet (p. ex. enregistrement d\u2019un produit d\u00e9pos\u00e9 dans le panier).<\/li><li><strong>Les cookies de performance<\/strong> collectent des informations sur l\u2019utilisation du site internet et des erreurs susceptibles de se produire. Il s\u2019agit d\u2019informations anonymes qui sont utilis\u00e9es pour am\u00e9liorer le site web. <\/li><li>Gr\u00e2ce aux <strong>cookies publicitaires<\/strong> ou <strong>cookies de ciblage publicitaire<\/strong>, il est possible de proposer \u00e0 l\u2019utilisateur du site web une publicit\u00e9 adapt\u00e9e \u00e0 ses int\u00e9r\u00eats (\u00e9galement par des fournisseurs tiers) et de d\u00e9terminer son efficacit\u00e9.<\/li><li>Les <strong>cookies de partage (Sharing Cookies)<\/strong> relient le site internet avec d\u2019autres services (p. ex. les r\u00e9seaux sociaux).<\/li><\/ul><\/li><\/ul><p>Nous ne d\u00e9posons que des cookies techniques de mani\u00e8re automatis\u00e9e et, par l\u00e0 m\u00eame, des cookies qui sont essentiels pour le fonctionnement de notre site internet. Nous le faisons sur la base de notre int\u00e9r\u00eat l\u00e9gitime au sens de l\u2019article 6 paragraphe 1 phrase 1 point f RGPD pour concevoir notre site web de mani\u00e8re efficace et l\u2019am\u00e9liorer en continu.<br>Nous attirons votre attention sur le fait que vous pouvez toujours emp\u00eacher l\u2019enregistrement de cookies en proc\u00e9dant au param\u00e9trage correspondant de votre navigateur. Nous avons ci-dessous rassembl\u00e9 d\u2019autres informations sur les navigateurs les plus fr\u00e9quents, tout en vous signalant que le bon fonctionnement de notre site internet peut s\u2019en voir restreint.   <\/p><ul><li>Mozilla Firefox: <a href=\"https:\/\/support.mozilla.org\/de\/kb\/verbesserter-schutz-aktivitatenverfolgung-desktop\">https:\/\/support.mozilla.org\/de\/kb\/verbesserter-schutz-aktivitatenverfolgung-desktop<\/a><\/li><li>Microsoft Edge: <a href=\"https:\/\/support.microsoft.com\/de-de\/help\/17442\/windows-internet-explorer-delete-manage-cookies\">https:\/\/support.microsoft.com\/de-de\/help\/17442\/windows-internet-explorer-delete-manage-cookies<\/a><\/li><li>Google Chrome: <a href=\"https:\/\/support.google.com\/chrome\/answer\/95647\">https:\/\/support.google.com\/chrome\/answer\/95647<\/a><\/li><li>Opera: <a href=\"https:\/\/help.opera.com\/de\/latest\/web-preferences\/#cookies\">https:\/\/help.opera.com\/de\/latest\/web-preferences\/#cookies<\/a><\/li><li>Safari: <a href=\"https:\/\/support.apple.com\/de-de\/guide\/safari\/sfri11471\/mac\">https:\/\/support.apple.com\/de-de\/guide\/safari\/sfri11471\/mac<\/a><\/li><\/ul><h2 id=\"MetaPixel\">10. Pixel Meta<\/h2><p>Nous int\u00e9grons \u00e0 notre site web le pixel Meta sous forme de pixel tracking (on entend par pixel tracking &#8211; \u00e9galement appel\u00e9 pixel espion &#8211; une petite image num\u00e9rique qui est charg\u00e9e automatiquement lorsque vous consultez un site web et permet ainsi de suivre le comportement des utilisateurs) de l\u2019entreprise Meta Platforms Ireland Limited, Merrion Road, Dublin 4 D04 X2K5, Irlande, mentions l\u00e9gales : <a href=\"https:\/\/www.facebook.com\/terms\">https:\/\/www.facebook.com\/terms<\/a> (anciennement : \u00ab Facebook \u00bb). La strat\u00e9gie relative aux donn\u00e9es peut \u00eatre consult\u00e9e ici : <a href=\"https:\/\/www.facebook.com\/about\/privacy\">https:\/\/www.facebook.com\/about\/privacy<\/a>. La soci\u00e9t\u00e9 m\u00e8re de cette entreprise sise en Irlande est : Meta Platforms, Inc., 1601 Willow Road, Menlo Park, California 94025, USA (d\u00e9nomm\u00e9e ci-apr\u00e8s \u00ab Meta \u00bb). Lorsque vous utilisez le pixel Meta, il est \u00e9tabli une liaison de transmission de donn\u00e9es avec Meta, de sorte que l\u2019on ne peut exclure que vos donn\u00e9es (au moins vos donn\u00e9es \u00e0 caract\u00e8re personnel en cas d\u2019utilisation de notre site \u00e0 titre purement informatif) soient \u00e9galement trait\u00e9es aux USA. Il est donc possible que des donn\u00e9es soient trait\u00e9es aux USA. Au sens du RGPD, les \u00c9tats-Unis sont un pays tiers. Dans ce cas, le transfert de donn\u00e9es vers ce pays tiers se fonde sur les articles 44 et 45 RGPD, car Meta participe activement au Data Privacy Framework. Il s\u2019agit d\u2019un accord relatif \u00e0 la protection des donn\u00e9es, conclu entre l\u2019UE et les USA, dans lequel le niveau de protection des donn\u00e9es pour les entreprises certifi\u00e9es aux USA est d\u00e9clar\u00e9 ad\u00e9quat (\u00ab d\u00e9cision d\u2019ad\u00e9quation \u00bb). Par ailleurs, des cookies sont plac\u00e9s par l\u2019application. Nous n\u2019utilisons le pixel Meta que si vous nous avez express\u00e9ment consenti \u00e0 cette utilisation via notre outil Consent-Tool (article 6 paragraphe 1 point a RGPD, article 25 paragraphe 1 de la loi allemande sur la protection des donn\u00e9es dans le cadre des t\u00e9l\u00e9communications et des services num\u00e9riques (TDDDG). Si vous avez donn\u00e9 votre consentement et que l\u2019enregistrement de cookies dans votre navigateur n\u2019est pas bloqu\u00e9, le pixel Meta nous permet de mesurer l\u2019efficacit\u00e9 de notre publicit\u00e9 sous forme de conversions (les conversions sont saisies lorsqu\u2019elles interagissent avec une annonce et lorsqu\u2019est accomplie une action fix\u00e9e au pr\u00e9alable). Avec le pixel Meta, il est \u00e9galement possible de vous afficher, en tant qu\u2019utilisateurs de notre site web, nos publicit\u00e9s (Ads) sur les plateformes des r\u00e9seaux sociaux Facebook et\/ou Instagram. Gr\u00e2ce au service Meta Custom Audiences (audiences personnalis\u00e9es), les publicit\u00e9s ne sont soumises qu\u2019aux utilisateurs qui s\u2019int\u00e9ressent pour notre offre (nous les identifions p. ex. au fait qu\u2019ils ont d\u00e9j\u00e0 consult\u00e9 notre site web) ou qui pr\u00e9sentent d\u2019autres caract\u00e9ristiques, p. ex. un int\u00e9r\u00eat pour certains produits ou prestations. Lorsque vous visitez notre site web, il est \u00e9tabli une liaison directe avec le serveur Meta. Nous n\u2019avons aucune influence sur les donn\u00e9es collect\u00e9es, l\u2019\u00e9tendue de la collecte, la finalit\u00e9 et les op\u00e9rations de traitement ainsi que sur les d\u00e9lais d\u2019effacement et de conservation. On ne peut exclure une affectation de ces donn\u00e9es au profil Facebook ou Instagram existant. Vous pouvez r\u00e9voquer en tout temps votre consentement en appuyant sur le bouton \u00ab R\u00e9vocation \/ modification du param\u00e9trage \u00bb qui se trouve dans le pied de page de notre site web. Par ailleurs, nous attirons votre attention sur le fait que vous pouvez bloquer en tout temps l\u2019enregistrement de cookies en param\u00e9trant votre navigateur en cons\u00e9quence. <\/p><h2 id=\"LinkedIn-Insight-Tag\">11. LinkedIn (Insight-Tag)<\/h2><p>Nous int\u00e9grons \u00e0 notre site web le LinkedIn Insight Tag sous forme de pixel tracking (on entend par pixel tracking &#8211; \u00e9galement appel\u00e9 pixel espion &#8211; une petite image num\u00e9rique qui est charg\u00e9e automatiquement lorsque vous consultez un site web et permet ainsi de suivre le comportement des utilisateurs) de l\u2019entreprise LinkedIn Ireland Unlimited Company, Wilton Place, Dublin 2, Irlande, mentions l\u00e9gales : <a href=\"https:\/\/www.linkedin.com\/legal\/impressum\">https:\/\/www.linkedin.com\/legal\/impressum<\/a>. La strat\u00e9gie relative aux donn\u00e9es peut \u00eatre consult\u00e9e ici : <a href=\"https:\/\/www.linkedin.com\/legal\/privacy-policy\">https:\/\/www.linkedin.com\/legal\/privacy-policy<\/a>. La soci\u00e9t\u00e9 m\u00e8re de cette entreprise sise en Irlande est : LinkedIn Corporation, 1000 W. Maude Ave., Sunnyvale, California 94085, USA. Vous trouverez plus d\u2019informations sur le site : <a href=\"https:\/\/business.linkedin.com\/de-de\/marketing-solutions\/ads\">https:\/\/business.linkedin.com\/de-de\/marketing-solutions\/ads<\/a>. Nous n\u2019utilisons le code de reciblage LinkedIn (Insights Tag) que si vous nous avez express\u00e9ment consenti \u00e0 cette utilisation via notre outil Consent-Tool (article 6 paragraphe 1 point a RGPD, article 25 paragraphe 1 (TDDDG). Nous ne pouvons exclure que vos donn\u00e9es soient transf\u00e9r\u00e9es vers les USA et donc vers un pays tiers. Dans ce cas, le transfert de donn\u00e9es vers ce pays tiers se fonde sur les articles 44 et 45 RGPD, car la LinkedIn Corporation participe activement au Data Privacy Framework. Il s\u2019agit d\u2019un accord relatif \u00e0 la protection des donn\u00e9es, conclu entre l\u2019UE et les USA, dans lequel le niveau de protection des donn\u00e9es pour les entreprises certifi\u00e9es aux USA est d\u00e9clar\u00e9 ad\u00e9quat (\u00ab d\u00e9cision d\u2019ad\u00e9quation \u00bb). Vous pouvez r\u00e9voquer en tout temps votre consentement en appuyant sur le bouton \u00ab R\u00e9vocation \/ modification du param\u00e9trage \u00bb qui se trouve dans le pied de page de notre site web.      <\/p><h2 id=\"Matomo-mit-Cookies\">12. Matomo (version avec cookies)<\/h2><p>Nous utilisons l\u2019outil d\u2019analyse web \u00ab Matomo \u00bb (<a href=\"https:\/\/matomo.org\/\">https:\/\/matomo.org\/<\/a>). Matomo est un logiciel open-source g\u00e9r\u00e9 par l\u2019entreprise InnoCraft Ltd, 150 Willis St, 6011 Wellington, Nouvelle-Z\u00e9lande, <a href=\"https:\/\/www.innocraft.com\/\">https:\/\/www.innocraft.com\/ <\/a>(d\u00e9nomm\u00e9e ci-apr\u00e8s \u00ab Innocraft \u00bb) (Innocraft Ltd a \u00e9t\u00e9 fond\u00e9e par les d\u00e9veloppeurs de Matomo). La d\u00e9claration de confidentialit\u00e9 de Matomo peut \u00eatre consult\u00e9e sur le site : <g id=\"gid_1\">https:\/\/matomo.org\/privacy-policy<\/g>. Des cookies sont plac\u00e9s lors de l\u2019utilisation du logiciel dans cette version, raison pour laquelle nous avons besoin ici de votre consentement. Nous n\u2019utilisons cette version de Matomo que si vous nous avez express\u00e9ment donn\u00e9 votre consentement via notre outil Consent-Tool (article 6 paragraphe 1 point a RGPD, article 25 paragraphe 1 TDDDG). Vous pouvez r\u00e9voquer en tout temps votre consentement en appuyant sur le bouton \u00ab R\u00e9vocation \/ modification du param\u00e9trage \u00bb qui se trouve dans le pied de page de notre site web.    <\/p><h2 id=\"matomo\">13. Matomo (version sans cookie)<\/h2><p>Nous utilisons l\u2019outil d\u2019analyse du web \u00ab Matomo \u00bb (<a href=\"https:\/\/matomo.org\/\">https:\/\/matomo.org\/<\/a>). Matomo est un outil open source qui est g\u00e9r\u00e9 par l\u2019entreprise InnoCraft Ltd, 150 Willis St, 6011 Wellington, Nouvelle-Z\u00e9lande, <a href=\"https:\/\/matomo.org\/faq\/new-to-piwik\/who-is-innocraft\/\">https:\/\/matomo.org\/faq\/new-to-piwik\/who-is-innocraft\/ <\/a> (d\u00e9nomm\u00e9e ci-apr\u00e8s \u00ab InnoCraft \u00bb (InnoCraft Ltd a \u00e9t\u00e9 fond\u00e9e par les d\u00e9veloppeurs de Matomo). Vous pouvez t\u00e9l\u00e9charger ici la d\u00e9claration de confidentialit\u00e9 de Matomo : <a href=\"https:\/\/matomo.org\/privacy-policy\/\">https:\/\/matomo.org\/privacy-policy\/<\/a>. L\u2019outil n\u2019utilise pas de cookies, mais uniquement une empreinte dite digitale (diff\u00e9rentes techniques, p. ex. le navigateur utilis\u00e9, permettent de g\u00e9n\u00e9rer une valeur de hachage, donc une combinaison de caract\u00e8res, \u00e0 partir desquels il n\u2019est pas possible de d\u00e9duire les donn\u00e9es initiales). Cette valeur est modifi\u00e9e toutes les 24 heures. Nous utilisons Matomo sur la base de notre int\u00e9r\u00eat l\u00e9gitime selon l\u2019article 6 paragraphe 1 phrase 1 point f RGPD, qui est d\u2019optimiser et de g\u00e9rer \u00e9conomiquement notre site web. Vous pouvez vous opposer en tout temps au traitement des donn\u00e9es :   <\/p>\t\t\t\t\t\t\t\t<\/div>\n\t\t\t\t<\/div>\n\t\t\t\t<div class=\"elementor-element elementor-element-749ce9f elementor-widget elementor-widget-html\" data-id=\"749ce9f\" data-element_type=\"widget\" data-e-type=\"widget\" data-widget_type=\"html.default\">\n\t\t\t\t<div class=\"elementor-widget-container\">\n\t\t\t\t\t<div id=\"matomo-opt-out\"><\/div>\r\n<script src=\"https:\/\/m.germanys.saarland\/index.php?module=CoreAdminHome&amp;action=optOutJS&amp;divId=matomo-opt-out&amp;language=auto&amp;showIntro=1\"><\/script>\t\t\t\t<\/div>\n\t\t\t\t<\/div>\n\t\t\t\t<div class=\"elementor-element elementor-element-ba3dd8a elementor-widget elementor-widget-text-editor\" data-id=\"ba3dd8a\" data-element_type=\"widget\" data-e-type=\"widget\" data-widget_type=\"text-editor.default\">\n\t\t\t\t<div class=\"elementor-widget-container\">\n\t\t\t\t\t\t\t\t\t<h2 id=\"GoogleAds\">14. Google Ads<\/h2><p>Nous utilisons le service Google Ads de Google Ireland Limited, Gordon House, Barrow Street, Dublin 4, Irlande, mentions l\u00e9gales : <a href=\"https:\/\/www.google.de\/intl\/de\/contact\/impressum.html\">https:\/\/www.google.de\/intl\/de\/contact\/impressum.html<\/a>. La soci\u00e9t\u00e9 m\u00e8re de cette entreprise sise en Irlande est : Google LLC, 1600 Amphitheatre Parkway, Mountain View, CA 94043, USA (d\u00e9nomm\u00e9e ci-apr\u00e8s \u00ab Google \u00bb). La d\u00e9claration de confidentialit\u00e9 de Google peut \u00eatre consult\u00e9e ici : <a href=\"https:\/\/policies.google.com\/privacy?hl=de\">https:\/\/policies.google.com\/privacy?hl=de<\/a>, pour attirer l\u2019attention sur nos offres \u00e0 l\u2019aide d\u2019annonces publicitaires (Ads). Si vous consultez notre site web via une annonce Google-Ads, un cookie est plac\u00e9 sur votre ordinateur. Gr\u00e2ce \u00e0 \u00ab l\u2019Adserver Cookies \u00bb, il est possible de mesurer des param\u00e8tres comme l\u2019affichage d\u2019annonces publicitaires ou les clics des utilisateurs, ce qui nous permet de mesurer le succ\u00e8s de notre campagne Google-Ads. Outre ces cookies, nous enregistrons normalement les donn\u00e9es suivantes aux fins d\u2019analyse : nombre d\u2019Ad-impressions par placement (les impressions indiquent la fr\u00e9quence de pr\u00e9sentation d\u2019une annonce), ID unique cookie, derni\u00e8re impression (d\u00e9cisive pour les conversions post-view) ainsi que placements Opt-Out. Google peut reconna\u00eetre votre navigateur internet \u00e0 l\u2019aide des cookies qui ont \u00e9t\u00e9 plac\u00e9s. Si, en tant qu\u2019utilisateur, vous vous rendez sur certaines pages de notre site internet et si le cookie n\u2019a pas encore expir\u00e9, nous pouvons, tout comme Google, reconna\u00eetre que vous avez cliqu\u00e9 sur l\u2019annonce publicitaire et que vous avez \u00e9t\u00e9 redirig\u00e9 vers cette page. Si vous avez un compte Google et \u00eates connect\u00e9 lorsque vous cliquez sur une annonce publicitaire, Google peut proc\u00e9der \u00e0 une affectation. M\u00eame si vous n\u2019avez pas de compte Google et\/ou si vous n\u2019avez pas de connexion active, il est possible que Google enregistre votre adresse IP. Nous m\u00eames ne collectons pas de donn\u00e9es \u00e0 caract\u00e8re personnel de mani\u00e8re autonome dans les campagnes publicitaires mentionn\u00e9es. Google a cependant la possibilit\u00e9 de collecter des donn\u00e9es, car son navigateur \u00e9tablit une connexion directe avec le serveur de Google. Nous avons uniquement acc\u00e8s \u00e0 des \u00e9valuations statistiques qui nous permettent de reconna\u00eetre quelles annonces ont \u00e9t\u00e9 cliqu\u00e9es, combien de fois et \u00e0 quels prix. Nous n&rsquo;obtenons pas d\u2019autres donn\u00e9es. Il n\u2019est pas possible notamment d\u2019identifier votre personne en tant qu\u2019utilisateur. Nous n\u2019utilisons Google-Ads que si vous nous avez express\u00e9ment consenti \u00e0 cette utilisation via notre outil Consent-Tool (article 6 paragraphe 1 point a RGPD, article 25 paragraphe 1 de la loi allemande sur la protection des donn\u00e9es dans le cadre des t\u00e9lecommunications et des services num\u00e9riques (TDDDG). Il est donc possible que des donn\u00e9es soient trait\u00e9es aux USA. Au sens du RGPD, les \u00c9tats-Unis sont un pays tiers. Dans ce cas, le transfert de donn\u00e9es vers ce pays tiers se fonde sur les articles 44 et 45 RGPD, car Google participe activement au Data Privacy Framework. Il s\u2019agit d\u2019un accord relatif \u00e0 la protection des donn\u00e9es, conclu entre l\u2019UE et les USA, dans lequel le niveau de protection des donn\u00e9es pour les entreprises certifi\u00e9es aux USA est d\u00e9clar\u00e9 ad\u00e9quat (\u00ab d\u00e9cision d\u2019ad\u00e9quation \u00bb). Vous pouvez r\u00e9voquer en tout temps votre consentement en appuyant sur le bouton \u00ab R\u00e9vocation \/ modification du param\u00e9trage \u00bb qui se trouve dans le pied de page de notre site web. Par ailleurs, vous trouverez ici comment d\u00e9sactiver la publicit\u00e9 personnalis\u00e9e de Google.                     <\/p><p><a href=\"https:\/\/support.google.com\/My-Ad-Center-Help\/answer\/12155656?hl=de&amp;co=GENIE.Platform%3DAndroid#turn-on-or-off-personalized-ads\">https:\/\/support.google.com\/My-Ad-Center-Help\/answer\/12155656?hl=de&amp;co=GENIE.Platform%3DAndroid#turn-on-or-off-personalized-ads<\/a><\/p><p>Nous attirons en outre votre attention sur le fait que vous pouvez bloquer en tout temps l\u2019enregistrement de cookies en param\u00e9trant votre navigateur en cons\u00e9quence.<\/p><h2 id=\"GoogleTagManager\">15. Google Conversion Tracker \/ Google Tag Manager<\/h2><p>Nous utilisons sur notre site le service <strong>\u00ab Google Conversion Tracking \u00bb<\/strong> de l\u2019entreprise Google Ireland Limited, Gordon House, Barrow Street, Dublin 4, Irlande, mentions l\u00e9gales : <a href=\"https:\/\/www.google.de\/intl\/de\/contact\/impressum.html\">https:\/\/www.google.de\/intl\/de\/contact\/impressum.html<\/a>. La soci\u00e9t\u00e9 m\u00e8re de cette entreprise sise en Irlande est : Google LLC, 1600 Amphitheatre Parkway, Mountain View, CA 94043, USA (d\u00e9nomm\u00e9e ci-apr\u00e8s \u00ab Google \u00bb). Il nous est ainsi possible de voir si un utilisateur acc\u00e8de \u00e0 notre site Internet via une annonce publicitaire de Google Ads et quelles actions il a ex\u00e9cut\u00e9es sur notre site Internet et s\u2019il s\u2019agit dans ce cas de ce que l\u2019on appelle une \u00ab conversion \u00bb (les conversions sont saisies lorsqu\u2019il y a interaction avec une annonce et qu\u2019une action fix\u00e9e au pr\u00e9alable est accomplie). Nous pouvons ainsi contr\u00f4ler le succ\u00e8s de notre campagne publicitaire Google-Ads. Les annonces publicitaires affich\u00e9es sont combin\u00e9es \u00e0 un dispositif technique, par exemple un identifiant. Nous obtenons ainsi des statistiques correspondantes, par exemple sur le nombre total de personnes qui voient nos annonces publicitaires et quelles sont les annonces les plus souvent cliqu\u00e9es. Vous trouverez ici d\u2019autres informations sur l\u2019application qui utilise \u00e9galement des cookies : <a href=\"https:\/\/support.google.com\/google-ads\/answer\/7548399?hl=de\">https:\/\/support.google.com\/google-ads\/answer\/7548399?hl=de<\/a>. En lien avec le service \u00ab Google Conversion Tracking \u00bb, nous utilisons par ailleurs le Google Tag Manager. Il s\u2019agit d\u2019un service de l\u2019entreprise Google Ireland Limited, Gordon House Barrow Street, Dublin 4, Irlande, mentions l\u00e9gales : https:\/\/www.google.de\/intl\/de\/contact\/impressum.html. La soci\u00e9t\u00e9 m\u00e8re de cette entreprise sise en Irlande est : Google LLC, 1600 Amphitheatre Parkway, Mountain View, CA 94043, USA (d\u00e9nomm\u00e9e ci-apr\u00e8s \u00ab Google \u00bb). D\u00e9claration de confidentialit\u00e9 : https:\/\/policies.google.com\/privacy. Le Tag Manager sert \u00e0 g\u00e9rer ce que l\u2019on appelle les balises des sites web. Via ces balises, il est possible d\u2019int\u00e9grer d\u2019autres services dans les r\u00e8gles de l\u2019art dans notre offre en ligne. Nous pouvons alors les g\u00e9rer via une interface commune. <br>Nous n\u2019utilisons Google Conversion Tracking ainsi que Google Tag Manager qui y est li\u00e9 que si vous nous avez express\u00e9ment consenti \u00e0 cette utilisation via notre outil Consent-Tool (article 6 paragraphe 1 point a RGPD, article 25 paragraphe 1 de la loi allemande sur la protection des donn\u00e9es dans le cadre des t\u00e9l\u00e9communications et des services num\u00e9riques (TDDDG)). Il est donc possible que des donn\u00e9es soient trait\u00e9es aux USA. Au sens du RGPD, les \u00c9tats-Unis sont un pays tiers. Dans ce cas, le transfert de donn\u00e9es vers ce pays tiers se fonde sur les articles 44 et 45 RGPD, car Google participe activement au Data Privacy Framework. Il s\u2019agit d\u2019un accord relatif \u00e0 la protection des donn\u00e9es, conclu entre l\u2019UE et les USA, dans lequel le niveau de protection des donn\u00e9es pour les entreprises certifi\u00e9es aux USA est d\u00e9clar\u00e9 ad\u00e9quat (\u00ab d\u00e9cision d\u2019ad\u00e9quation \u00bb). Vous pouvez r\u00e9voquer en tout temps votre consentement en appuyant sur le bouton \u00ab R\u00e9vocation \/ modification du param\u00e9trage \u00bb qui se trouve dans le pied de page de notre site web.                <\/p><h2>16. ReadSpeaker<\/h2><p>Nous utilisons sur notre site web l\u2019outil ReadSpeaker de l\u2019entreprise ReadSpeaker B.V., Princenhof Park 13, 3972 NG Driebergen-Rijsenburg, Pays-Bas (<a href=\"http:\/\/(https:\/\/www.readspeaker.com\/contact\/\">https:\/\/www.readspeaker.com\/contact\/<\/a>). L\u2019outil ne place pas de cookies et ne d\u00e9crit pas de conservation locale ou de session. Lorsque vous appelez notre site web, les donn\u00e9es \u00e0 caract\u00e8re personnel indiqu\u00e9es dans la pr\u00e9sente d\u00e9claration de confidentialit\u00e9 peuvent \u00eatre transf\u00e9r\u00e9es \u00e0 des fins d\u2019utilisation purement informative du site web. Toutes les donn\u00e9es sont enregistr\u00e9es au sein de l\u2019UE. La base juridique du traitement des donn\u00e9es d\u00e9coule de l\u2019article 6 paragraphe 1 phrase 1 point f RGPD et se fonde sur notre int\u00e9r\u00eat l\u00e9gitime de fournir un site web si possible accessible \u00e0 tous.     <\/p><h2>17. Vos droits<\/h2><p>Nous vous informons ci-dessous des droits dont vous b\u00e9n\u00e9ficiez selon le RGPD. Vous pouvez t\u00e9l\u00e9charger le RGPD <a href=\"https:\/\/eur-lex.europa.eu\/legal-content\/DE\/TXT\/PDF\/?uri=CELEX:32016R0679\">ici <\/a>sous forme de document complet. <\/p><ul><li><strong>Droit d\u2019acc\u00e8s aux informations selon l\u2019article 15 paragraphe 1 RGPD <\/strong><br>Vous avez le droit d\u2019obtenir de notre part la confirmation que vos donn\u00e9es \u00e0 caract\u00e8re personnel sont ou ne sont pas trait\u00e9es. Lorsqu\u2019elles le sont, vous avez le droit, non seulement d\u2019acc\u00e9der aux dites donn\u00e9es \u00e0 caract\u00e8re personnel, mais aussi de demander des informations sur les finalit\u00e9s du traitement, les cat\u00e9gories de donn\u00e9es \u00e0 caract\u00e8re personnel trait\u00e9es, les destinataires ou cat\u00e9gories de destinataires auxquels les donn\u00e9es \u00e0 caract\u00e8re personnel ont \u00e9t\u00e9 ou seront communiqu\u00e9es (en particulier les destinataires qui sont \u00e9tablis dans des pays tiers ou les organisations internationales), la dur\u00e9e de conservation ou les crit\u00e8res utilis\u00e9s pour d\u00e9terminer cette dur\u00e9e, l\u2019existence du droit de rectification ou d\u2019effacement des donn\u00e9es \u00e0 caract\u00e8re personnel vous concernant, ou de limitation du traitement de notre part, le droit de vous opposer \u00e0 ce traitement ainsi que le droit d\u2019introduire une r\u00e9clamation aupr\u00e8s d\u2019une autorit\u00e9 de contr\u00f4le pour obtenir toutes les informations disponibles sur la source des donn\u00e9es (si elles n\u2019ont pas \u00e9t\u00e9 collect\u00e9es par nos soins), l\u2019existence d\u2019une prise de d\u00e9cision automatis\u00e9e, y compris un profilage, et le cas \u00e9ch\u00e9ant, des informations utiles concernant la logique sous-jacente ainsi que l\u2019importance et les cons\u00e9quences pr\u00e9vues de ce traitement. <\/li><li><strong>Droit de rectification selon l\u2019article 16 RGPD<\/strong><br>Vous avez le droit d\u2019obtenir de notre part, dans les meilleurs d\u00e9lais, la rectification des donn\u00e9es \u00e0 caract\u00e8re personnel vous concernant qui sont inexactes.<\/li><li><strong>Droit \u00e0 l\u2019effacement (\u00ab droit \u00e0 l\u2019oubli \u00bb) selon l\u2019article 17 RGPD <\/strong><br>Vous avez le droit d\u2019obtenir de notre part l\u2019effacement, dans les meilleurs d\u00e9lais, des donn\u00e9es \u00e0 caract\u00e8re personnel vous concernant. Selon l\u2019article 17 paragraphe 3 RGPD, vous ne b\u00e9n\u00e9ficiez pas de ce droit lorsque le traitement est n\u00e9cessaire \u00e0 l\u2019exercice du droit \u00e0 la libert\u00e9 d\u2019expression et d\u2019information, au respect d\u2019une obligation l\u00e9gale, pour des motifs d\u2019int\u00e9r\u00eat public dans le domaine de la sant\u00e9 publique, \u00e0 des fins archivistiques dans l\u2019int\u00e9r\u00eat public ou \u00e0 la constatation, \u00e0 l\u2019exercice ou \u00e0 la d\u00e9fense des droits en justice.  <\/li><li><strong>Droit \u00e0 la limitation du traitement selon l\u2019article 18 RGPD <\/strong><br>Vous avez le droit d\u2019obtenir de notre part la limitation du traitement de vos donn\u00e9es \u00e0 caract\u00e8re personnel si vous contestez l\u2019exactitude de vos donn\u00e9es \u00e0 caract\u00e8re personnel (pendant une dur\u00e9e nous permettant de v\u00e9rifier l\u2019exactitude des donn\u00e9es), si le traitement de vos donn\u00e9es \u00e0 caract\u00e8re personnel est illicite et si vous vous opposez \u00e0 un effacement, si nous n\u2019avons plus besoin de vos donn\u00e9es \u00e0 caract\u00e8re personnel aux fins du traitement, mais elles vous sont encore n\u00e9cessaires pour constater, exercer ou d\u00e9fendre vos droits ou si vous \u00eates oppos\u00e9 au traitement selon l\u2019article 21 paragraphe 1 RGPD (pendant la v\u00e9rification sur le point de savoir si nos int\u00e9r\u00eats l\u00e9gitimes pr\u00e9valent sur les v\u00f4tres). <\/li><li><strong>Droit \u00e0 la portabilit\u00e9 des donn\u00e9es selon l\u2019article 20 RGPD<\/strong><br>Vous avez le droit de recevoir de notre part les donn\u00e9es \u00e0 caract\u00e8re personnel vous concernant dans un format structur\u00e9, couramment utilis\u00e9 et lisible par machine et de les transmettre \u00e0 un autre responsable sans que nous y fassions obstacle (ou de les transmettre directement de notre entreprise \u00e0 un autre responsable du traitement, lorsque cela est techniquement possible), lorsque le traitement est fond\u00e9 sur un consentement ou sur un contrat ou encore \u00e0 l\u2019aide de proc\u00e9d\u00e9s automatis\u00e9s.<\/li><li><strong>Droit de r\u00e9vocation d\u2019un consentement selon l\u2019article 7 paragraphe 3 RGPD <\/strong><br>Vous avez le droit de retirer votre consentement \u00e0 tout moment vis-\u00e0-vis de notre entreprise et avec effet pour l\u2019avenir, de sorte que le traitement des donn\u00e9es effectu\u00e9 sur la base du consentement ne peut se poursuivre \u00e0 l\u2019avenir. La lic\u00e9it\u00e9 du traitement effectu\u00e9 jusqu\u2019\u00e0 votre retrait de consentement n\u2019est pas compromise de ce fait.<\/li><li><strong>Droit d\u2019introduire une r\u00e9clamation aupr\u00e8s d\u2019une autorit\u00e9 de contr\u00f4le selon l\u2019article 77 RGPD<\/strong><br>Sans pr\u00e9judice de tout autre recours administratif ou juridictionnel, vous avez le droit d\u2019introduire une r\u00e9clamation aupr\u00e8s d\u2019une autorit\u00e9 de contr\u00f4le si vous consid\u00e9rez que le traitement des donn\u00e9es \u00e0 caract\u00e8re personnel vous concernant constitue une violation du RGPD. En r\u00e8gle g\u00e9n\u00e9rale, vous pouvez vous adresser \u00e0 l\u2019autorit\u00e9 de contr\u00f4le \u00e0 votre r\u00e9sidence habituelle, \u00e0 votre lieu de travail ou au lieu o\u00f9 la violation aurait \u00e9t\u00e9 commise. Vous trouverez plus d\u2019informations sur ce point sur le site web du <a href=\"https:\/\/www.bfdi.bund.de\/DE\/Home\/home_node.html\">commissaire f\u00e9d\u00e9ral pour la protection des donn\u00e9es et la libert\u00e9 de l\u2019information.<\/a>  <\/li><\/ul><h2>18. Droit d\u2019opposition<\/h2><p>Outre les droits d\u00e9j\u00e0 mentionn\u00e9s, vous avez le droit de vous opposer \u00e0 tout moment, pour des raisons tenant \u00e0 votre situation particuli\u00e8re, \u00e0 un traitement de vos donn\u00e9es \u00e0 caract\u00e8re personnel qui a lieu sur la base de l\u2019int\u00e9r\u00eat public ou de l\u2019ex\u00e9cution d\u2019une mission relevant de l\u2019exercice de l\u2019autorit\u00e9 publique (article paragraphe 1 phrase 1 point e RGPD) ou aux fins des int\u00e9r\u00eats l\u00e9gitimes de notre part (article 6 paragraphe 1 phrase 1 point f RGPD), avec effet pour l\u2019avenir. En cas d\u2019opposition, nous ne traiterons plus les donn\u00e9es \u00e0 caract\u00e8re personnel, \u00e0 moins que nous d\u00e9montrions qu\u2019il existe des motifs l\u00e9gitimes et imp\u00e9rieux pour le traitement qui pr\u00e9valent sur vos int\u00e9r\u00eats et vos droits et libert\u00e9s ou si le traitement sert \u00e0 la constatation, l\u2019exercice ou la d\u00e9fense des droits en justice. Lorsque vos donn\u00e9es \u00e0 caract\u00e8re personnel sont trait\u00e9es \u00e0 des fins de prospection ou de profilage, pour autant que celui-ci soit li\u00e9 \u00e0 la prospection, vous avez un droit g\u00e9n\u00e9ral d\u2019opposition, m\u00eame s\u2019il n\u2019existe pas de motifs d\u00e9coulant de votre situation particuli\u00e8re. En cas d\u2019opposition, nous arr\u00eatons imm\u00e9diatement le traitement des donn\u00e9es \u00e0 caract\u00e8re personnel \u00e0 ces fins. Pour faire usage de votre droit de r\u00e9vocation ou d\u2019opposition, il vous suffit d\u2019adresser un message \u00e9lectronique \u00e0 : info@strukturholding.de    <\/p><h2>19. Datensicherheit<\/h2><p>Nous utilisons sur notre site web le protocole de cryptage et de communication TLS 1.3 (Transport Layer Security). Gr\u00e2ce au certificat TLS que nous utilisons et qui est \u00e9tabli par un service de certification, nous permettons un \u00e9change crypt\u00e9 de donn\u00e9es entre le navigateur web et le serveur web. Les donn\u00e9es sensibles ne peuvent donc pas \u00eatre lues par des tiers. Nous utilisons ce proc\u00e9d\u00e9 avec le plus haut niveau de cryptage qui prend en charge votre navigateur. Il s\u2019agit en g\u00e9n\u00e9ral d\u2019un cryptage de 256 bits. Plus le nombre de bits est \u00e9lev\u00e9, plus la cl\u00e9 est longue. La protection vis-\u00e0-vis de tiers est alors meilleure.   <\/p><p><em>La pr\u00e9sente d\u00e9claration de confidentialit\u00e9 a \u00e9t\u00e9 \u00e9tablie individuellement pour ce site web par la <\/em> <a href=\"https:\/\/frame-for-business.de\/\"><em>soci\u00e9t\u00e9 Frame for Business GmbH<\/em><\/a> <em>en coop\u00e9ration avec le cabinet<\/em> <em>d\u2019avocats<\/em> <a href=\"https:\/\/rechtsanwaelte-schultheiss.de\/\"><em>Rechtsanwaltskanzlei Dr. Schulthei\u00df.<\/em><\/a><\/p>\t\t\t\t\t\t\t\t<\/div>\n\t\t\t\t<\/div>\n\t\t\t\t\t<\/div>\n\t\t\t\t<\/div>\n\t\t\t\t<\/div>\n\t\t","protected":false},"excerpt":{"rendered":"<p>D\u00e9claration de confidentialit\u00e9 Nous nous r\u00e9jouissons de votre visite sur notre site web https:\/\/germanys.saarland\/ et vous remercions que l\u2019int\u00e9r\u00eat que vous y portez. Dans le but de vous offrir la plus grande transparence possible, nous vous informons ci-dessous de la nature, de l\u2019ampleur et du but de la collecte, du traitement et de l\u2019utilisation de [&hellip;]<\/p>\n","protected":false},"author":1,"featured_media":0,"parent":0,"menu_order":0,"comment_status":"closed","ping_status":"closed","template":"","meta":{"_acf_changed":false,"footnotes":""},"class_list":["post-5186","page","type-page","status-publish","hentry"],"acf":[],"yoast_head":"<!-- This site is optimized with the Yoast SEO plugin v27.5 - https:\/\/yoast.com\/product\/yoast-seo-wordpress\/ -->\n<title>D\u00e9claration de confidentialit\u00e9 | GW Saarland<\/title>\n<meta name=\"robots\" content=\"index, follow, max-snippet:-1, max-image-preview:large, max-video-preview:-1\" \/>\n<link rel=\"canonical\" href=\"https:\/\/germanys.saarland\/datenschutz\/\" \/>\n<meta property=\"og:locale\" content=\"fr_FR\" \/>\n<meta property=\"og:type\" content=\"article\" \/>\n<meta property=\"og:title\" content=\"D\u00e9claration de confidentialit\u00e9 | GW Saarland\" \/>\n<meta property=\"og:description\" content=\"D\u00e9claration de confidentialit\u00e9 Nous nous r\u00e9jouissons de votre visite sur notre site web https:\/\/germanys.saarland\/ et vous remercions que l\u2019int\u00e9r\u00eat que vous y portez. Dans le but de vous offrir la plus grande transparence possible, nous vous informons ci-dessous de la nature, de l\u2019ampleur et du but de la collecte, du traitement et de l\u2019utilisation de [&hellip;]\" \/>\n<meta property=\"og:url\" content=\"https:\/\/germanys.saarland\/datenschutz\/\" \/>\n<meta property=\"og:site_name\" content=\"GW Saarland\" \/>\n<meta property=\"article:publisher\" content=\"https:\/\/www.facebook.com\/germanys.saarland\/\" \/>\n<meta property=\"article:modified_time\" content=\"2026-04-01T13:46:37+00:00\" \/>\n<meta name=\"twitter:card\" content=\"summary_large_image\" \/>\n<meta name=\"twitter:label1\" content=\"Dur\u00e9e de lecture estim\u00e9e\" \/>\n\t<meta name=\"twitter:data1\" content=\"20 minutes\" \/>\n<script type=\"application\/ld+json\" class=\"yoast-schema-graph\">{\"@context\":\"https:\\\/\\\/schema.org\",\"@graph\":[{\"@type\":\"WebPage\",\"@id\":\"https:\\\/\\\/germanys.saarland\\\/datenschutz\\\/\",\"url\":\"https:\\\/\\\/germanys.saarland\\\/datenschutz\\\/\",\"name\":\"D\u00e9claration de confidentialit\u00e9 | GW Saarland\",\"isPartOf\":{\"@id\":\"https:\\\/\\\/germanys.saarland\\\/en\\\/#website\"},\"datePublished\":\"2023-08-21T12:43:22+00:00\",\"dateModified\":\"2026-04-01T13:46:37+00:00\",\"breadcrumb\":{\"@id\":\"https:\\\/\\\/germanys.saarland\\\/datenschutz\\\/#breadcrumb\"},\"inLanguage\":\"fr-FR\",\"potentialAction\":[{\"@type\":\"ReadAction\",\"target\":[\"https:\\\/\\\/germanys.saarland\\\/datenschutz\\\/\"]}]},{\"@type\":\"BreadcrumbList\",\"@id\":\"https:\\\/\\\/germanys.saarland\\\/datenschutz\\\/#breadcrumb\",\"itemListElement\":[{\"@type\":\"ListItem\",\"position\":1,\"name\":\"Startseite\",\"item\":\"https:\\\/\\\/germanys.saarland\\\/fr\\\/page-daccueil\\\/\"},{\"@type\":\"ListItem\",\"position\":2,\"name\":\"D\u00e9claration de confidentialit\u00e9\"}]},{\"@type\":\"WebSite\",\"@id\":\"https:\\\/\\\/germanys.saarland\\\/en\\\/#website\",\"url\":\"https:\\\/\\\/germanys.saarland\\\/en\\\/\",\"name\":\"Germanys Saarland\",\"description\":\"\",\"publisher\":{\"@id\":\"https:\\\/\\\/germanys.saarland\\\/en\\\/#organization\"},\"potentialAction\":[{\"@type\":\"SearchAction\",\"target\":{\"@type\":\"EntryPoint\",\"urlTemplate\":\"https:\\\/\\\/germanys.saarland\\\/en\\\/?s={search_term_string}\"},\"query-input\":{\"@type\":\"PropertyValueSpecification\",\"valueRequired\":true,\"valueName\":\"search_term_string\"}}],\"inLanguage\":\"fr-FR\"},{\"@type\":\"Organization\",\"@id\":\"https:\\\/\\\/germanys.saarland\\\/en\\\/#organization\",\"name\":\"Germanys Saarland\",\"url\":\"https:\\\/\\\/germanys.saarland\\\/en\\\/\",\"logo\":{\"@type\":\"ImageObject\",\"inLanguage\":\"fr-FR\",\"@id\":\"https:\\\/\\\/germanys.saarland\\\/en\\\/#\\\/schema\\\/logo\\\/image\\\/\",\"url\":\"https:\\\/\\\/germanys.saarland\\\/wp-content\\\/uploads\\\/gwsaar-logo-neu.png\",\"contentUrl\":\"https:\\\/\\\/germanys.saarland\\\/wp-content\\\/uploads\\\/gwsaar-logo-neu.png\",\"width\":600,\"height\":134,\"caption\":\"Germanys Saarland\"},\"image\":{\"@id\":\"https:\\\/\\\/germanys.saarland\\\/en\\\/#\\\/schema\\\/logo\\\/image\\\/\"},\"sameAs\":[\"https:\\\/\\\/www.facebook.com\\\/germanys.saarland\\\/\",\"https:\\\/\\\/www.instagram.com\\\/germanys.saarland\\\/\",\"https:\\\/\\\/de.linkedin.com\\\/company\\\/gwsaar-saarland-economic-promotion-corporation\"]}]}<\/script>\n<!-- \/ Yoast SEO plugin. -->","yoast_head_json":{"title":"D\u00e9claration de confidentialit\u00e9 | GW Saarland","robots":{"index":"index","follow":"follow","max-snippet":"max-snippet:-1","max-image-preview":"max-image-preview:large","max-video-preview":"max-video-preview:-1"},"canonical":"https:\/\/germanys.saarland\/datenschutz\/","og_locale":"fr_FR","og_type":"article","og_title":"D\u00e9claration de confidentialit\u00e9 | GW Saarland","og_description":"D\u00e9claration de confidentialit\u00e9 Nous nous r\u00e9jouissons de votre visite sur notre site web https:\/\/germanys.saarland\/ et vous remercions que l\u2019int\u00e9r\u00eat que vous y portez. Dans le but de vous offrir la plus grande transparence possible, nous vous informons ci-dessous de la nature, de l\u2019ampleur et du but de la collecte, du traitement et de l\u2019utilisation de [&hellip;]","og_url":"https:\/\/germanys.saarland\/datenschutz\/","og_site_name":"GW Saarland","article_publisher":"https:\/\/www.facebook.com\/germanys.saarland\/","article_modified_time":"2026-04-01T13:46:37+00:00","twitter_card":"summary_large_image","twitter_misc":{"Dur\u00e9e de lecture estim\u00e9e":"20 minutes"},"schema":{"@context":"https:\/\/schema.org","@graph":[{"@type":"WebPage","@id":"https:\/\/germanys.saarland\/datenschutz\/","url":"https:\/\/germanys.saarland\/datenschutz\/","name":"D\u00e9claration de confidentialit\u00e9 | GW Saarland","isPartOf":{"@id":"https:\/\/germanys.saarland\/en\/#website"},"datePublished":"2023-08-21T12:43:22+00:00","dateModified":"2026-04-01T13:46:37+00:00","breadcrumb":{"@id":"https:\/\/germanys.saarland\/datenschutz\/#breadcrumb"},"inLanguage":"fr-FR","potentialAction":[{"@type":"ReadAction","target":["https:\/\/germanys.saarland\/datenschutz\/"]}]},{"@type":"BreadcrumbList","@id":"https:\/\/germanys.saarland\/datenschutz\/#breadcrumb","itemListElement":[{"@type":"ListItem","position":1,"name":"Startseite","item":"https:\/\/germanys.saarland\/fr\/page-daccueil\/"},{"@type":"ListItem","position":2,"name":"D\u00e9claration de confidentialit\u00e9"}]},{"@type":"WebSite","@id":"https:\/\/germanys.saarland\/en\/#website","url":"https:\/\/germanys.saarland\/en\/","name":"Germanys Saarland","description":"","publisher":{"@id":"https:\/\/germanys.saarland\/en\/#organization"},"potentialAction":[{"@type":"SearchAction","target":{"@type":"EntryPoint","urlTemplate":"https:\/\/germanys.saarland\/en\/?s={search_term_string}"},"query-input":{"@type":"PropertyValueSpecification","valueRequired":true,"valueName":"search_term_string"}}],"inLanguage":"fr-FR"},{"@type":"Organization","@id":"https:\/\/germanys.saarland\/en\/#organization","name":"Germanys Saarland","url":"https:\/\/germanys.saarland\/en\/","logo":{"@type":"ImageObject","inLanguage":"fr-FR","@id":"https:\/\/germanys.saarland\/en\/#\/schema\/logo\/image\/","url":"https:\/\/germanys.saarland\/wp-content\/uploads\/gwsaar-logo-neu.png","contentUrl":"https:\/\/germanys.saarland\/wp-content\/uploads\/gwsaar-logo-neu.png","width":600,"height":134,"caption":"Germanys Saarland"},"image":{"@id":"https:\/\/germanys.saarland\/en\/#\/schema\/logo\/image\/"},"sameAs":["https:\/\/www.facebook.com\/germanys.saarland\/","https:\/\/www.instagram.com\/germanys.saarland\/","https:\/\/de.linkedin.com\/company\/gwsaar-saarland-economic-promotion-corporation"]}]}},"_links":{"self":[{"href":"https:\/\/germanys.saarland\/fr\/wp-json\/wp\/v2\/pages\/5186","targetHints":{"allow":["GET"]}}],"collection":[{"href":"https:\/\/germanys.saarland\/fr\/wp-json\/wp\/v2\/pages"}],"about":[{"href":"https:\/\/germanys.saarland\/fr\/wp-json\/wp\/v2\/types\/page"}],"author":[{"embeddable":true,"href":"https:\/\/germanys.saarland\/fr\/wp-json\/wp\/v2\/users\/1"}],"replies":[{"embeddable":true,"href":"https:\/\/germanys.saarland\/fr\/wp-json\/wp\/v2\/comments?post=5186"}],"version-history":[{"count":10,"href":"https:\/\/germanys.saarland\/fr\/wp-json\/wp\/v2\/pages\/5186\/revisions"}],"predecessor-version":[{"id":11356,"href":"https:\/\/germanys.saarland\/fr\/wp-json\/wp\/v2\/pages\/5186\/revisions\/11356"}],"wp:attachment":[{"href":"https:\/\/germanys.saarland\/fr\/wp-json\/wp\/v2\/media?parent=5186"}],"curies":[{"name":"wp","href":"https:\/\/api.w.org\/{rel}","templated":true}]}}